{"id":9125,"date":"2020-09-14T07:44:49","date_gmt":"2020-09-14T07:44:49","guid":{"rendered":"https:\/\/www.c4trio.com\/?page_id=9125"},"modified":"2022-02-08T18:18:49","modified_gmt":"2022-02-08T18:18:49","slug":"rodner-padilla","status":"publish","type":"page","link":"https:\/\/www.c4trio.com\/en\/biografia\/rodner-padilla\/","title":{"rendered":"Rodner Padilla"},"content":{"rendered":"<div class=\"wpb-content-wrapper\"><div class=\"vc_row wpb_row vc_row-fluid qodef-section qodef-content-aligment-left\" style=\"\"><div class=\"clearfix qodef-full-section-inner\"><div class=\"wpb_column vc_column_container vc_col-sm-12\"><div class=\"vc_column-inner\"><div class=\"wpb_wrapper\"><div class=\"vc_row wpb_row vc_inner vc_row-fluid qodef-section qodef-content-aligment-left\" style=\"\"><div class=\"qodef-full-section-inner\"><div class=\"wpb_column vc_column_container vc_col-sm-6\"><div class=\"vc_column-inner\"><div class=\"wpb_wrapper\"><div class=\"vc_empty_space\"   style=\"height: 32px\"><span class=\"vc_empty_space_inner\"><\/span><\/div>\n\t<div class=\"wpb_text_column wpb_content_element\" >\n\t\t<div class=\"wpb_wrapper\">\n\t\t\t<p><span style=\"font-weight: 400;\">3 veces ganador del Grammy Latino, 1 vez nominado al Grammy, bajista, compositor, arreglista y productor musical venezolano.<\/span><\/p>\n<p><span style=\"font-weight: 400;\">En 2014 gan\u00f3 su primer Grammy Latino por su papel de m\u00fasico, productor e ingeniero en el \u00e1lbum de su propio grupo, C4 Trio junto a Rafael \u201cPollo Brito\u201d, <\/span><i><span style=\"font-weight: 400;\">De Repente<\/span><\/i><span style=\"font-weight: 400;\">. En 2019 gan\u00f3 dos Grammy Latinos por \u201cMejor Arreglo\u201d y \u201cMejor \u00c1lbum Folk\u201d por <\/span><i><span style=\"font-weight: 400;\">Sirena <\/span><\/i><span style=\"font-weight: 400;\">y\u00a0 <\/span><i><span style=\"font-weight: 400;\">Time to time <\/span><\/i><span style=\"font-weight: 400;\">respectivamente, de Luis Enrique con C4 Trio, donde tiene cr\u00e9ditos como l\u00edder de banda, productor, arreglista, ingeniero e int\u00e9rprete.<\/span><\/p>\n<p><span style=\"font-weight: 400;\">Tambi\u00e9n coprodujo el \u00e1lbum nominado al Grammy Latino de 2013, \u201cGualberto + C4\u201d de C4 Trio y el legendario cantante venezolano, Gualberto Ibarreto.<\/span><\/p>\n<p><span style=\"font-weight: 400;\">En 2018 fue nominado a los Premios de la Academia de la Grabaci\u00f3n (NARAS), por el disco \u201cPa\u2019 Fuera \u201dde C4 Trio y Desorden P\u00fablico.<\/span><\/p>\n<p><span style=\"font-weight: 400;\">Como bajista de sesi\u00f3n de grabaci\u00f3n, cuenta ahora con alrededor de 30 certificados de nominaci\u00f3n al Grammy Latino y ha sido nominado a los Premios de la Academia de la Grabaci\u00f3n 2018 (NARAS).<\/span><\/p>\n<p><span style=\"font-weight: 400;\">Su trabajo ha sido rese\u00f1ado en varias revistas especializadas en m\u00fasica y bajo como \u201cMusic Pro\u201d (Colorado, USA), \u201cBass Musician Magazine\u201d (Washington, USA) y \u201cLa Dosis\u201d (Caracas, Venezuela).<\/span><\/p>\n<p><span style=\"font-weight: 400;\">Como bajista, ha actuado con algunos de los m\u00e1s importantes artistas venezolanos e internacionales como Gustavo Dudamel y la Orquesta Sinf\u00f3nica Juvenil de Venezuela Sim\u00f3n Bol\u00edvar con Rub\u00e9n Blades en el concierto \u201cViva La Vida\u201d en Caracas, 2013.<\/span><\/p>\n<p><span style=\"font-weight: 400;\">Tambi\u00e9n ha sido bajista de grandes artistas como Oscar De Le\u00f3n, Sergio George, Jos\u00e9 Alberto \u00abEl Canario\u00bb, Par\u00eds Jazz Big Band, Franco de Vita, Gilberto Santa Rosa, Frank Quintero, Dave Samuels, Yordano, Jerry Rivera, Pedro Eustache, Gerry Weil, Hu\u00e1scar Barradas, Ralph Irizarri, Rafael \u00abPollo\u00bb Brito, Aquiles B\u00e1ez, Soledad Bravo, Andr\u00e9s Brice\u00f1o, Pablo Gil, Nen\u00e9 Quintero, Luisito Quintero, Robert Quintero, Biella Da Costa, Orlando Poleo, Judy Buendia, Nelson Arrieta, Jorge Luis Chac\u00edn, Chino y Nacho, Nacho, Servando y Florentino, Lexestet, Linda Brice\u00f1o, Alfredo Naranjo y \u201cEl Guajeo\u201d, Gualberto Ibarreto, C\u00e9sar Orozco &amp; Kamarata Jazz, Jos\u00e9 Luis Quintana \u201cChanguito\u201d, Luis \u201cPapo\u201d M\u00e1rquez, Hana Kobayashi, Ana\u00eds Vivas, Jorge Glem, Movida Ac\u00fastica Urbana, Percussion Ensemble of Venezuela, Venezuelan Brass Quintet, Ilan Chester, Cuarteto R\u00edtmico de Caracas, Elisa Rego, Viniloversus, Mar\u00eda Rivas, los espect\u00e1culos musicales internacionales Venezuela Viva y Orinoco, entre otros.<\/span><\/p>\n<p><span style=\"font-weight: 400;\">Su intensa actividad como bajista le ha valido premios internacionales, incluido el Grammy Latino en 2011, con los \u00abTesoros de la M\u00fasica Venezolana\u00bb del famoso artista venezolano Ilan Chester, en la categor\u00eda \u00abMejor \u00c1lbum Folkl\u00f3rico\u00bb. Adem\u00e1s gan\u00f3 el Torneo Internacional de Joropo en Villavicencio, Colombia, en la categor\u00eda de \u00abMejor Ensamble Nuevo Formato\u00bb con C4 Tr\u00edo y \u00abMejor Bajista\u00bb.<\/span><\/p>\n<p><span style=\"font-weight: 400;\">Como multiinstrumentista hab\u00eda grabado Piano, Teclados, Mel\u00f3dica, Contrabajo y Guitarra Ac\u00fastica en varias producciones para grandes artistas, como Rafael &#8216;Pollo&#8217; Brito, Frank Quintero, Jos\u00e9 Luis Quintana &#8216;Changuito&#8217;, Judy Buendia, Mar\u00eda Alejandra Rodr\u00edguez, C4 Tr\u00edo y muchas actuaciones en vivo.<\/span><\/p>\n<p><span style=\"font-weight: 400;\">Padilla ha estado en varias giras internacionales visitando y actuando en Estados Unidos, Francia, Espa\u00f1a, Italia, Alemania, B\u00e9lgica, Inglaterra, Escocia, Holanda, Marruecos, Canad\u00e1, Colombia, Ecuador, M\u00e9xico, Costa Rica, Per\u00fa, Cuba y otros pa\u00edses de Am\u00e9rica Latina y el Caribe.<\/span><\/p>\n<p><span style=\"font-weight: 400;\">Tambi\u00e9n ha viajado por Venezuela dictando talleres sobre armon\u00eda contempor\u00e1nea as\u00ed como ejecuci\u00f3n e improvisaci\u00f3n de bajo el\u00e9ctrico. En 2010, fue invitado junto a su grupo, C4 Tr\u00edo, para dar un concierto y algunas conferencias en el prestigioso Berklee College of Music de Boston, como parte de su gira por Estados Unidos.<\/span><\/p>\n<p><span style=\"font-weight: 400;\">Fue el bajista del \u00e1lbum <\/span><i><span style=\"font-weight: 400;\">M\u00e1s de m\u00ed <\/span><\/i><span style=\"font-weight: 400;\">de Tony Succar, que gan\u00f3 el Latin Grammy 2019 al Mejor \u00c1lbum de Salsa.\u00a0<\/span><\/p>\n\n\t\t<\/div>\n\t<\/div>\n<\/div><\/div><\/div><div class=\"wpb_column vc_column_container vc_col-sm-6\"><div class=\"vc_column-inner\"><div class=\"wpb_wrapper\"><div class=\"vc_empty_space\"   style=\"height: 32px\"><span class=\"vc_empty_space_inner\"><\/span><\/div>\n\t<div  class=\"wpb_single_image wpb_content_element vc_align_left wpb_content_element\">\n\t\t\n\t\t<figure class=\"wpb_wrapper vc_figure\">\n\t\t\t<div class=\"vc_single_image-wrapper   vc_box_border_grey\"><img loading=\"lazy\" decoding=\"async\" width=\"1000\" height=\"952\" src=\"https:\/\/www.c4trio.com\/wp-content\/uploads\/2020\/09\/DSC5096.jpg\" class=\"vc_single_image-img attachment-full\" alt=\"\" title=\"_DSC5096\" srcset=\"https:\/\/www.c4trio.com\/wp-content\/uploads\/2020\/09\/DSC5096.jpg 1000w, https:\/\/www.c4trio.com\/wp-content\/uploads\/2020\/09\/DSC5096-600x571.jpg 600w, https:\/\/www.c4trio.com\/wp-content\/uploads\/2020\/09\/DSC5096-300x286.jpg 300w, https:\/\/www.c4trio.com\/wp-content\/uploads\/2020\/09\/DSC5096-768x731.jpg 768w\" sizes=\"auto, (max-width: 1000px) 100vw, 1000px\" \/><\/div>\n\t\t<\/figure>\n\t<\/div>\n<div class=\"vc_empty_space\"   style=\"height: 32px\"><span class=\"vc_empty_space_inner\"><\/span><\/div><\/div><\/div><\/div><\/div><\/div><\/div><\/div><\/div><\/div><\/div>\n<\/div>","protected":false},"excerpt":{"rendered":"3 veces ganador del Grammy Latino, 1 vez nominado al Grammy, bajista, compositor, arreglista y productor musical venezolano. En 2014 gan\u00f3 su primer Grammy Latino por su papel de m\u00fasico, productor e ingeniero en el \u00e1lbum de su propio grupo, C4 Trio junto a Rafael...","protected":false},"author":1,"featured_media":0,"parent":4094,"menu_order":0,"comment_status":"closed","ping_status":"closed","template":"","meta":{"footnotes":""},"class_list":["post-9125","page","type-page","status-publish","hentry"],"yoast_head":"<!-- This site is optimized with the Yoast SEO plugin v27.1.1 - https:\/\/yoast.com\/product\/yoast-seo-wordpress\/ -->\n<title>Rodner Padilla - C4 Tr\u00edo<\/title>\n<meta name=\"robots\" content=\"index, follow, max-snippet:-1, max-image-preview:large, max-video-preview:-1\" \/>\n<link rel=\"canonical\" href=\"https:\/\/www.c4trio.com\/en\/biografia\/rodner-padilla\/\" \/>\n<meta property=\"og:locale\" content=\"en_US\" \/>\n<meta property=\"og:type\" content=\"article\" \/>\n<meta property=\"og:title\" content=\"Rodner Padilla - C4 Tr\u00edo\" \/>\n<meta property=\"og:url\" content=\"https:\/\/www.c4trio.com\/en\/biografia\/rodner-padilla\/\" \/>\n<meta property=\"og:site_name\" content=\"C4 Tr\u00edo\" \/>\n<meta property=\"article:publisher\" content=\"https:\/\/www.facebook.com\/profile.php?id=100050537467192\" \/>\n<meta property=\"article:modified_time\" content=\"2022-02-08T18:18:49+00:00\" \/>\n<meta name=\"twitter:card\" content=\"summary_large_image\" \/>\n<meta name=\"twitter:site\" content=\"@c4trio\" \/>\n<meta name=\"twitter:label1\" content=\"Est. reading time\" \/>\n\t<meta name=\"twitter:data1\" content=\"3 minutes\" \/>\n<script type=\"application\/ld+json\" class=\"yoast-schema-graph\">{\"@context\":\"https:\/\/schema.org\",\"@graph\":[{\"@type\":\"WebPage\",\"@id\":\"https:\/\/www.c4trio.com\/biografia\/rodner-padilla\/\",\"url\":\"https:\/\/www.c4trio.com\/biografia\/rodner-padilla\/\",\"name\":\"Rodner Padilla - C4 Tr\u00edo\",\"isPartOf\":{\"@id\":\"https:\/\/www.c4trio.com\/#website\"},\"datePublished\":\"2020-09-14T07:44:49+00:00\",\"dateModified\":\"2022-02-08T18:18:49+00:00\",\"breadcrumb\":{\"@id\":\"https:\/\/www.c4trio.com\/biografia\/rodner-padilla\/#breadcrumb\"},\"inLanguage\":\"en-US\",\"potentialAction\":[{\"@type\":\"ReadAction\",\"target\":[\"https:\/\/www.c4trio.com\/biografia\/rodner-padilla\/\"]}]},{\"@type\":\"BreadcrumbList\",\"@id\":\"https:\/\/www.c4trio.com\/biografia\/rodner-padilla\/#breadcrumb\",\"itemListElement\":[{\"@type\":\"ListItem\",\"position\":1,\"name\":\"Portada\",\"item\":\"https:\/\/www.c4trio.com\/\"},{\"@type\":\"ListItem\",\"position\":2,\"name\":\"Biograf\u00eda\",\"item\":\"https:\/\/www.c4trio.com\/biografia\/\"},{\"@type\":\"ListItem\",\"position\":3,\"name\":\"Rodner Padilla\"}]},{\"@type\":\"WebSite\",\"@id\":\"https:\/\/www.c4trio.com\/#website\",\"url\":\"https:\/\/www.c4trio.com\/\",\"name\":\"C4 Tr\u00edo\",\"description\":\"P\u00e1gina Oficial\",\"publisher\":{\"@id\":\"https:\/\/www.c4trio.com\/#organization\"},\"potentialAction\":[{\"@type\":\"SearchAction\",\"target\":{\"@type\":\"EntryPoint\",\"urlTemplate\":\"https:\/\/www.c4trio.com\/?s={search_term_string}\"},\"query-input\":{\"@type\":\"PropertyValueSpecification\",\"valueRequired\":true,\"valueName\":\"search_term_string\"}}],\"inLanguage\":\"en-US\"},{\"@type\":\"Organization\",\"@id\":\"https:\/\/www.c4trio.com\/#organization\",\"name\":\"C4 Tr\u00edo\",\"url\":\"https:\/\/www.c4trio.com\/\",\"logo\":{\"@type\":\"ImageObject\",\"inLanguage\":\"en-US\",\"@id\":\"https:\/\/www.c4trio.com\/#\/schema\/logo\/image\/\",\"url\":\"https:\/\/www.c4trio.com\/wp-content\/uploads\/2016\/09\/logo.png\",\"contentUrl\":\"https:\/\/www.c4trio.com\/wp-content\/uploads\/2016\/09\/logo.png\",\"width\":365,\"height\":80,\"caption\":\"C4 Tr\u00edo\"},\"image\":{\"@id\":\"https:\/\/www.c4trio.com\/#\/schema\/logo\/image\/\"},\"sameAs\":[\"https:\/\/www.facebook.com\/profile.php?id=100050537467192\",\"https:\/\/x.com\/c4trio\",\"https:\/\/www.instagram.com\/c4trio\"]}]}<\/script>\n<!-- \/ Yoast SEO plugin. -->","yoast_head_json":{"title":"Rodner Padilla - C4 Tr\u00edo","robots":{"index":"index","follow":"follow","max-snippet":"max-snippet:-1","max-image-preview":"max-image-preview:large","max-video-preview":"max-video-preview:-1"},"canonical":"https:\/\/www.c4trio.com\/en\/biografia\/rodner-padilla\/","og_locale":"en_US","og_type":"article","og_title":"Rodner Padilla - C4 Tr\u00edo","og_url":"https:\/\/www.c4trio.com\/en\/biografia\/rodner-padilla\/","og_site_name":"C4 Tr\u00edo","article_publisher":"https:\/\/www.facebook.com\/profile.php?id=100050537467192","article_modified_time":"2022-02-08T18:18:49+00:00","twitter_card":"summary_large_image","twitter_site":"@c4trio","twitter_misc":{"Est. reading time":"3 minutes"},"schema":{"@context":"https:\/\/schema.org","@graph":[{"@type":"WebPage","@id":"https:\/\/www.c4trio.com\/biografia\/rodner-padilla\/","url":"https:\/\/www.c4trio.com\/biografia\/rodner-padilla\/","name":"Rodner Padilla - C4 Tr\u00edo","isPartOf":{"@id":"https:\/\/www.c4trio.com\/#website"},"datePublished":"2020-09-14T07:44:49+00:00","dateModified":"2022-02-08T18:18:49+00:00","breadcrumb":{"@id":"https:\/\/www.c4trio.com\/biografia\/rodner-padilla\/#breadcrumb"},"inLanguage":"en-US","potentialAction":[{"@type":"ReadAction","target":["https:\/\/www.c4trio.com\/biografia\/rodner-padilla\/"]}]},{"@type":"BreadcrumbList","@id":"https:\/\/www.c4trio.com\/biografia\/rodner-padilla\/#breadcrumb","itemListElement":[{"@type":"ListItem","position":1,"name":"Portada","item":"https:\/\/www.c4trio.com\/"},{"@type":"ListItem","position":2,"name":"Biograf\u00eda","item":"https:\/\/www.c4trio.com\/biografia\/"},{"@type":"ListItem","position":3,"name":"Rodner Padilla"}]},{"@type":"WebSite","@id":"https:\/\/www.c4trio.com\/#website","url":"https:\/\/www.c4trio.com\/","name":"C4 Trio","description":"P\u00e1gina Oficial","publisher":{"@id":"https:\/\/www.c4trio.com\/#organization"},"potentialAction":[{"@type":"SearchAction","target":{"@type":"EntryPoint","urlTemplate":"https:\/\/www.c4trio.com\/?s={search_term_string}"},"query-input":{"@type":"PropertyValueSpecification","valueRequired":true,"valueName":"search_term_string"}}],"inLanguage":"en-US"},{"@type":"Organization","@id":"https:\/\/www.c4trio.com\/#organization","name":"C4 Trio","url":"https:\/\/www.c4trio.com\/","logo":{"@type":"ImageObject","inLanguage":"en-US","@id":"https:\/\/www.c4trio.com\/#\/schema\/logo\/image\/","url":"https:\/\/www.c4trio.com\/wp-content\/uploads\/2016\/09\/logo.png","contentUrl":"https:\/\/www.c4trio.com\/wp-content\/uploads\/2016\/09\/logo.png","width":365,"height":80,"caption":"C4 Tr\u00edo"},"image":{"@id":"https:\/\/www.c4trio.com\/#\/schema\/logo\/image\/"},"sameAs":["https:\/\/www.facebook.com\/profile.php?id=100050537467192","https:\/\/x.com\/c4trio","https:\/\/www.instagram.com\/c4trio"]}]}},"_links":{"self":[{"href":"https:\/\/www.c4trio.com\/en\/wp-json\/wp\/v2\/pages\/9125","targetHints":{"allow":["GET"]}}],"collection":[{"href":"https:\/\/www.c4trio.com\/en\/wp-json\/wp\/v2\/pages"}],"about":[{"href":"https:\/\/www.c4trio.com\/en\/wp-json\/wp\/v2\/types\/page"}],"author":[{"embeddable":true,"href":"https:\/\/www.c4trio.com\/en\/wp-json\/wp\/v2\/users\/1"}],"replies":[{"embeddable":true,"href":"https:\/\/www.c4trio.com\/en\/wp-json\/wp\/v2\/comments?post=9125"}],"version-history":[{"count":3,"href":"https:\/\/www.c4trio.com\/en\/wp-json\/wp\/v2\/pages\/9125\/revisions"}],"predecessor-version":[{"id":9199,"href":"https:\/\/www.c4trio.com\/en\/wp-json\/wp\/v2\/pages\/9125\/revisions\/9199"}],"up":[{"embeddable":true,"href":"https:\/\/www.c4trio.com\/en\/wp-json\/wp\/v2\/pages\/4094"}],"wp:attachment":[{"href":"https:\/\/www.c4trio.com\/en\/wp-json\/wp\/v2\/media?parent=9125"}],"curies":[{"name":"wp","href":"https:\/\/api.w.org\/{rel}","templated":true}]}}