{"id":7346,"date":"2017-05-12T12:20:39","date_gmt":"2017-05-12T12:20:39","guid":{"rendered":"http:\/\/mixtape.select-themes.com\/?page_id=7346"},"modified":"2020-05-14T07:55:53","modified_gmt":"2020-05-14T07:55:53","slug":"blog","status":"publish","type":"page","link":"https:\/\/www.c4trio.com\/en\/blog\/","title":{"rendered":"News"},"content":{"rendered":"<div class=\"wpb-content-wrapper\"><div class=\"vc_row wpb_row vc_row-fluid qodef-section qodef-content-aligment-left\" style=\"\"><div class=\"clearfix qodef-full-section-inner\"><div class=\"wpb_column vc_column_container vc_col-sm-12\"><div class=\"vc_column-inner\"><div class=\"wpb_wrapper\"><div class=\"vc_row wpb_row vc_inner vc_row-fluid qodef-section qodef-content-aligment-left\" style=\"\"><div class=\"qodef-full-section-inner\"><div class=\"wpb_column vc_column_container vc_col-sm-2\"><div class=\"vc_column-inner\"><div class=\"wpb_wrapper\"><\/div><\/div><\/div><div class=\"wpb_column vc_column_container vc_col-sm-8\"><div class=\"vc_column-inner\"><div class=\"wpb_wrapper\"><div class=\"vc_empty_space\"   style=\"height: 200px\"><span class=\"vc_empty_space_inner\"><\/span><\/div><\/div><\/div><\/div><div class=\"wpb_column vc_column_container vc_col-sm-2\"><div class=\"vc_column-inner\"><div class=\"wpb_wrapper\"><\/div><\/div><\/div><\/div><\/div><\/div><\/div><\/div><\/div><\/div><div class=\"vc_row wpb_row vc_row-fluid qodef-section qodef-content-aligment-left qodef-grid-section\" style=\"\"><div class=\"clearfix qodef-section-inner\"><div class=\"qodef-section-inner-margin clearfix\"><div class=\"wpb_column vc_column_container vc_col-sm-12\"><div class=\"vc_column-inner\"><div class=\"wpb_wrapper\"><div class=\"qodef-blog-list-holder qodef-boxes qodef-three-columns qodef-holder-with-padding qodef-holder-with-shadow qodef-holder-with-padding\" data-next-page= \"2\" data-order-by= \"date\" data-order= \"DESC\" data-number= \"20\" data-title-tag= \"h4\" data-box-shadow= \"yes\" data-bg-color= \"#ffffff\" data-show-load-more= \"yes\" data-load-more-skin= \"dark\" data-text-length= \"150\" data-type= \"boxes\" data-max-num-pages = \"4\">\n\t<ul class=\"qodef-blog-list\">\n\t<li class=\"qodef-blog-list-item clearfix\">\n\t<div class=\"qodef-blog-list-item-inner\">\n\t\t<div class=\"qodef-item-image\">\n\t\t\t<a href=\"https:\/\/www.c4trio.com\/en\/c4-trio-has-a-trick-to-make-venezuelan-culture-global\/\">\n\t\t\t\t<img loading=\"lazy\" decoding=\"async\" width=\"800\" height=\"486\" src=\"https:\/\/www.c4trio.com\/wp-content\/uploads\/2025\/10\/Screenshot-2025-10-22-at-2.55.46-PM-800x486-1.png\" class=\"attachment-mixtape_qodef_landscape size-mixtape_qodef_landscape wp-post-image\" alt=\"\" srcset=\"https:\/\/www.c4trio.com\/wp-content\/uploads\/2025\/10\/Screenshot-2025-10-22-at-2.55.46-PM-800x486-1.png 800w, https:\/\/www.c4trio.com\/wp-content\/uploads\/2025\/10\/Screenshot-2025-10-22-at-2.55.46-PM-800x486-1-300x182.png 300w, https:\/\/www.c4trio.com\/wp-content\/uploads\/2025\/10\/Screenshot-2025-10-22-at-2.55.46-PM-800x486-1-768x467.png 768w, https:\/\/www.c4trio.com\/wp-content\/uploads\/2025\/10\/Screenshot-2025-10-22-at-2.55.46-PM-800x486-1-18x12.png 18w\" sizes=\"auto, (max-width: 800px) 100vw, 800px\" \/>\t\t\t\t\n\t\t\t<\/a>\n\t\t<\/div>\n\t\t<div class=\"qodef-item-text-holder\" style=\"background-color:#ffffff\">\n\t\t\t<div class=\"qodef-item-info-section\" >\n\t\t\t\t<div class=\"qodef-post-info-date\">23 October 2025<\/div>\t\t\t<\/div>\n\n\t\t\t<h4 class=\"qodef-item-title\" >\n\t\t\t\t<a href=\"https:\/\/www.c4trio.com\/en\/c4-trio-has-a-trick-to-make-venezuelan-culture-global\/\" >\n\t\t\t\t\tC4 Tr\u00edo has a Trick to Make Venezuelan Culture Global\t\t\t\t<\/a>\n\t\t\t<\/h4>\n\n\t\t\t\t\t\t\t<p class=\"qodef-excerpt\" >There are two ways to approach C4 Tr\u00edo, if you haven\u2019t already. One is listening to their 11 albums. The first, 2006\u2019s\u00a0C4 Tr\u00edo, already contain.<\/p>\n\t\t\t\t\t<\/div>\n\t<\/div>\t\n<\/li><li class=\"qodef-blog-list-item clearfix\">\n\t<div class=\"qodef-blog-list-item-inner\">\n\t\t<div class=\"qodef-item-image\">\n\t\t\t<a href=\"https:\/\/www.c4trio.com\/en\/hamilton-de-holanda-y-c4-trio-unen-cuerdas-y-virtuosismo-con-su-album-tembla\/\">\n\t\t\t\t<img loading=\"lazy\" decoding=\"async\" width=\"800\" height=\"600\" src=\"https:\/\/www.c4trio.com\/wp-content\/uploads\/2024\/05\/templaportadac4trio-800x600.jpg\" class=\"attachment-mixtape_qodef_landscape size-mixtape_qodef_landscape wp-post-image\" alt=\"\" \/>\t\t\t\t\n\t\t\t<\/a>\n\t\t<\/div>\n\t\t<div class=\"qodef-item-text-holder\" style=\"background-color:#ffffff\">\n\t\t\t<div class=\"qodef-item-info-section\" >\n\t\t\t\t<div class=\"qodef-post-info-date\">30 May 2024<\/div>\t\t\t<\/div>\n\n\t\t\t<h4 class=\"qodef-item-title\" >\n\t\t\t\t<a href=\"https:\/\/www.c4trio.com\/en\/hamilton-de-holanda-y-c4-trio-unen-cuerdas-y-virtuosismo-con-su-album-tembla\/\" >\n\t\t\t\t\tHamilton de Holanda y C4 Tr\u00edo unen cuerdas y virtuosismo con su \u00e1lbum \u00abTEMBLA\u00bb.\t\t\t\t<\/a>\n\t\t\t<\/h4>\n\n\t\t\t\t\t\t\t<p class=\"qodef-excerpt\" >Esta nueva producci\u00f3n fue grabada en la ciudad de Bogot\u00e1 en agosto de 2023 e incluye versiones de canciones de Alejandro Sanz, Juan Luis Guerra, Car.<\/p>\n\t\t\t\t\t<\/div>\n\t<\/div>\t\n<\/li><li class=\"qodef-blog-list-item clearfix\">\n\t<div class=\"qodef-blog-list-item-inner\">\n\t\t<div class=\"qodef-item-image\">\n\t\t\t<a href=\"https:\/\/www.c4trio.com\/en\/c4-trio-sorprende-con-su-primer-disco-navideno\/\">\n\t\t\t\t<img loading=\"lazy\" decoding=\"async\" width=\"800\" height=\"600\" src=\"https:\/\/www.c4trio.com\/wp-content\/uploads\/2023\/12\/C4-SUENA-A-NAVIDAD-C4-TRIO-COVER-2400X2400-1-800x600.jpg\" class=\"attachment-mixtape_qodef_landscape size-mixtape_qodef_landscape wp-post-image\" alt=\"\" \/>\t\t\t\t\n\t\t\t<\/a>\n\t\t<\/div>\n\t\t<div class=\"qodef-item-text-holder\" style=\"background-color:#ffffff\">\n\t\t\t<div class=\"qodef-item-info-section\" >\n\t\t\t\t<div class=\"qodef-post-info-date\">7 December 2023<\/div>\t\t\t<\/div>\n\n\t\t\t<h4 class=\"qodef-item-title\" >\n\t\t\t\t<a href=\"https:\/\/www.c4trio.com\/en\/c4-trio-sorprende-con-su-primer-disco-navideno\/\" >\n\t\t\t\t\tC4 Tr\u00edo sorprende con su primer disco navide\u00f1o\t\t\t\t<\/a>\n\t\t\t<\/h4>\n\n\t\t\t\t\t\t\t<p class=\"qodef-excerpt\" >El \u00e1lbum titulado C4 suena a Navidad cuenta con la participaci\u00f3n de invitados de lujo: Oscar D\u2019 Le\u00f3n, Andr\u00e9s Cepeda, Ronald Borjas, Jorge Luis C.<\/p>\n\t\t\t\t\t<\/div>\n\t<\/div>\t\n<\/li><li class=\"qodef-blog-list-item clearfix\">\n\t<div class=\"qodef-blog-list-item-inner\">\n\t\t<div class=\"qodef-item-image\">\n\t\t\t<a href=\"https:\/\/www.c4trio.com\/en\/the-significance-of-c4-trios-us-tour-with-snarky-puppy-and-what-it-means-for-the-cuatro\/\">\n\t\t\t\t<img loading=\"lazy\" decoding=\"async\" width=\"720\" height=\"600\" src=\"https:\/\/www.c4trio.com\/wp-content\/uploads\/2023\/03\/Snarky-Puppy-y-c4-trio-720x600.jpeg\" class=\"attachment-mixtape_qodef_landscape size-mixtape_qodef_landscape wp-post-image\" alt=\"\" \/>\t\t\t\t\n\t\t\t<\/a>\n\t\t<\/div>\n\t\t<div class=\"qodef-item-text-holder\" style=\"background-color:#ffffff\">\n\t\t\t<div class=\"qodef-item-info-section\" >\n\t\t\t\t<div class=\"qodef-post-info-date\">25 April 2023<\/div>\t\t\t<\/div>\n\n\t\t\t<h4 class=\"qodef-item-title\" >\n\t\t\t\t<a href=\"https:\/\/www.c4trio.com\/en\/the-significance-of-c4-trios-us-tour-with-snarky-puppy-and-what-it-means-for-the-cuatro\/\" >\n\t\t\t\t\tThe Significance Of C4 Trio\u2019s US Tour With Snarky Puppy And What It Means For The Cuatro\t\t\t\t<\/a>\n\t\t\t<\/h4>\n\n\t\t\t\t\t\t\t<p class=\"qodef-excerpt\" >C4 Trio recently completed their first-ever tour of multiple US cities, opening for Snarky Puppy, and it is safe to say that they made quite an impres.<\/p>\n\t\t\t\t\t<\/div>\n\t<\/div>\t\n<\/li><li class=\"qodef-blog-list-item clearfix\">\n\t<div class=\"qodef-blog-list-item-inner\">\n\t\t<div class=\"qodef-item-image\">\n\t\t\t<a href=\"https:\/\/www.c4trio.com\/en\/c4-trio-se-va-de-gira-con-snarky-puppy\/\">\n\t\t\t\t<img loading=\"lazy\" decoding=\"async\" width=\"720\" height=\"600\" src=\"https:\/\/www.c4trio.com\/wp-content\/uploads\/2023\/03\/Snarky-Puppy-y-c4-trio-720x600.jpeg\" class=\"attachment-mixtape_qodef_landscape size-mixtape_qodef_landscape wp-post-image\" alt=\"\" \/>\t\t\t\t\n\t\t\t<\/a>\n\t\t<\/div>\n\t\t<div class=\"qodef-item-text-holder\" style=\"background-color:#ffffff\">\n\t\t\t<div class=\"qodef-item-info-section\" >\n\t\t\t\t<div class=\"qodef-post-info-date\">21 March 2023<\/div>\t\t\t<\/div>\n\n\t\t\t<h4 class=\"qodef-item-title\" >\n\t\t\t\t<a href=\"https:\/\/www.c4trio.com\/en\/c4-trio-se-va-de-gira-con-snarky-puppy\/\" >\n\t\t\t\t\tC4 Tr\u00edo se va de gira con Snarky Puppy\t\t\t\t<\/a>\n\t\t\t<\/h4>\n\n\t\t\t\t\t\t\t<p class=\"qodef-excerpt\" >21 de marzo, 2023-. C4 Tr\u00edo, ganadores del Grammy Latino y representantes del sonido latinoamericano alrededor del mundo, ser\u00e1 el grupo invitado en .<\/p>\n\t\t\t\t\t<\/div>\n\t<\/div>\t\n<\/li><li class=\"qodef-blog-list-item clearfix\">\n\t<div class=\"qodef-blog-list-item-inner\">\n\t\t<div class=\"qodef-item-image\">\n\t\t\t<a href=\"https:\/\/www.c4trio.com\/en\/venezuelan-group-c4-trio-comes-to-philly\/\">\n\t\t\t\t<img loading=\"lazy\" decoding=\"async\" width=\"643\" height=\"389\" src=\"https:\/\/www.c4trio.com\/wp-content\/uploads\/2023\/02\/IMG_0699-e1674652701165.jpg\" class=\"attachment-mixtape_qodef_landscape size-mixtape_qodef_landscape wp-post-image\" alt=\"\" srcset=\"https:\/\/www.c4trio.com\/wp-content\/uploads\/2023\/02\/IMG_0699-e1674652701165.jpg 643w, https:\/\/www.c4trio.com\/wp-content\/uploads\/2023\/02\/IMG_0699-e1674652701165-300x181.jpg 300w\" sizes=\"auto, (max-width: 643px) 100vw, 643px\" \/>\t\t\t\t\n\t\t\t<\/a>\n\t\t<\/div>\n\t\t<div class=\"qodef-item-text-holder\" style=\"background-color:#ffffff\">\n\t\t\t<div class=\"qodef-item-info-section\" >\n\t\t\t\t<div class=\"qodef-post-info-date\">15 February 2023<\/div>\t\t\t<\/div>\n\n\t\t\t<h4 class=\"qodef-item-title\" >\n\t\t\t\t<a href=\"https:\/\/www.c4trio.com\/en\/venezuelan-group-c4-trio-comes-to-philly\/\" >\n\t\t\t\t\tVenezuelan group C4 Trio comes to Philly\t\t\t\t<\/a>\n\t\t\t<\/h4>\n\n\t\t\t\t\t\t\t<p class=\"qodef-excerpt\" >This past Sunday, I had the pleasure of seeing the Venezuelan music group, C4 Trio, perform in collaboration with Casa De Venezuela. This group of cha.<\/p>\n\t\t\t\t\t<\/div>\n\t<\/div>\t\n<\/li><li class=\"qodef-blog-list-item clearfix\">\n\t<div class=\"qodef-blog-list-item-inner\">\n\t\t<div class=\"qodef-item-image\">\n\t\t\t<a href=\"https:\/\/www.c4trio.com\/en\/snarky-puppy-to-welcome-c4-trio-and-nate-wood-four-on-north-american-tour\/\">\n\t\t\t\t<img loading=\"lazy\" decoding=\"async\" width=\"700\" height=\"463\" src=\"https:\/\/www.c4trio.com\/wp-content\/uploads\/2023\/02\/Screen-Shot-2023-02-06-at-10.52.13-AM-700x463-1.png\" class=\"attachment-mixtape_qodef_landscape size-mixtape_qodef_landscape wp-post-image\" alt=\"\" srcset=\"https:\/\/www.c4trio.com\/wp-content\/uploads\/2023\/02\/Screen-Shot-2023-02-06-at-10.52.13-AM-700x463-1.png 700w, https:\/\/www.c4trio.com\/wp-content\/uploads\/2023\/02\/Screen-Shot-2023-02-06-at-10.52.13-AM-700x463-1-300x198.png 300w\" sizes=\"auto, (max-width: 700px) 100vw, 700px\" \/>\t\t\t\t\n\t\t\t<\/a>\n\t\t<\/div>\n\t\t<div class=\"qodef-item-text-holder\" style=\"background-color:#ffffff\">\n\t\t\t<div class=\"qodef-item-info-section\" >\n\t\t\t\t<div class=\"qodef-post-info-date\">15 February 2023<\/div>\t\t\t<\/div>\n\n\t\t\t<h4 class=\"qodef-item-title\" >\n\t\t\t\t<a href=\"https:\/\/www.c4trio.com\/en\/snarky-puppy-to-welcome-c4-trio-and-nate-wood-four-on-north-american-tour\/\" >\n\t\t\t\t\tSnarky Puppy to Welcome C4 Tr\u00edo and Nate Wood \u2013 fOUR on North American Tour\t\t\t\t<\/a>\n\t\t\t<\/h4>\n\n\t\t\t\t\t\t\t<p class=\"qodef-excerpt\" >Today, hot on the heels of securing the award for Best Contemporary Instrumental Album Grammy for\u00a0Empire Central, the esteemed music collective Snark.<\/p>\n\t\t\t\t\t<\/div>\n\t<\/div>\t\n<\/li><li class=\"qodef-blog-list-item clearfix\">\n\t<div class=\"qodef-blog-list-item-inner\">\n\t\t<div class=\"qodef-item-image\">\n\t\t\t<a href=\"https:\/\/www.c4trio.com\/en\/las-nuevas-fronteras-de-la-musica-venezolana-de-raiz-tradicional\/\">\n\t\t\t\t<img loading=\"lazy\" decoding=\"async\" width=\"768\" height=\"432\" src=\"https:\/\/www.c4trio.com\/wp-content\/uploads\/2022\/08\/c4-768x432-1.jpg\" class=\"attachment-mixtape_qodef_landscape size-mixtape_qodef_landscape wp-post-image\" alt=\"\" srcset=\"https:\/\/www.c4trio.com\/wp-content\/uploads\/2022\/08\/c4-768x432-1.jpg 768w, https:\/\/www.c4trio.com\/wp-content\/uploads\/2022\/08\/c4-768x432-1-300x169.jpg 300w\" sizes=\"auto, (max-width: 768px) 100vw, 768px\" \/>\t\t\t\t\n\t\t\t<\/a>\n\t\t<\/div>\n\t\t<div class=\"qodef-item-text-holder\" style=\"background-color:#ffffff\">\n\t\t\t<div class=\"qodef-item-info-section\" >\n\t\t\t\t<div class=\"qodef-post-info-date\">29 August 2022<\/div>\t\t\t<\/div>\n\n\t\t\t<h4 class=\"qodef-item-title\" >\n\t\t\t\t<a href=\"https:\/\/www.c4trio.com\/en\/las-nuevas-fronteras-de-la-musica-venezolana-de-raiz-tradicional\/\" >\n\t\t\t\t\tLas nuevas fronteras de la m\u00fasica venezolana de ra\u00edz tradicional\t\t\t\t<\/a>\n\t\t\t<\/h4>\n\n\t\t\t\t\t\t\t<p class=\"qodef-excerpt\" >A prop\u00f3sito de su libro\u00a0C4 Tr\u00edo y la leyenda de los cuatros explosivos, el cronista musical Gerardo Guarache habla sobre c\u00f3mo este cuarteto es par.<\/p>\n\t\t\t\t\t<\/div>\n\t<\/div>\t\n<\/li><li class=\"qodef-blog-list-item clearfix\">\n\t<div class=\"qodef-blog-list-item-inner\">\n\t\t<div class=\"qodef-item-image\">\n\t\t\t<a href=\"https:\/\/www.c4trio.com\/en\/c4-trio-recargo-energias-en-venezuela-el-nacional\/\">\n\t\t\t\t<img loading=\"lazy\" decoding=\"async\" width=\"800\" height=\"600\" src=\"https:\/\/www.c4trio.com\/wp-content\/uploads\/2022\/03\/c4encaracas-800x600.jpg\" class=\"attachment-mixtape_qodef_landscape size-mixtape_qodef_landscape wp-post-image\" alt=\"\" \/>\t\t\t\t\n\t\t\t<\/a>\n\t\t<\/div>\n\t\t<div class=\"qodef-item-text-holder\" style=\"background-color:#ffffff\">\n\t\t\t<div class=\"qodef-item-info-section\" >\n\t\t\t\t<div class=\"qodef-post-info-date\">31 March 2022<\/div>\t\t\t<\/div>\n\n\t\t\t<h4 class=\"qodef-item-title\" >\n\t\t\t\t<a href=\"https:\/\/www.c4trio.com\/en\/c4-trio-recargo-energias-en-venezuela-el-nacional\/\" >\n\t\t\t\t\tC4 Tr\u00edo recarg\u00f3 energ\u00edas en Venezuela | El Nacional\t\t\t\t<\/a>\n\t\t\t<\/h4>\n\n\t\t\t\t\t\t\t<p class=\"qodef-excerpt\" >El cuarteto cerr\u00f3 en la Concha Ac\u00fastica de Bello Monte la gira Back to 4, que los llev\u00f3 tambi\u00e9n a Porlamar, Valencia, Barquisimeto y Maracaibo lue.<\/p>\n\t\t\t\t\t<\/div>\n\t<\/div>\t\n<\/li><li class=\"qodef-blog-list-item clearfix\">\n\t<div class=\"qodef-blog-list-item-inner\">\n\t\t<div class=\"qodef-item-image\">\n\t\t\t<a href=\"https:\/\/www.c4trio.com\/en\/ritmo-leyenda-y-dinamita-c4-trio-contado-por-guarache-ocque\/\">\n\t\t\t\t<img loading=\"lazy\" decoding=\"async\" width=\"800\" height=\"600\" src=\"https:\/\/www.c4trio.com\/wp-content\/uploads\/2022\/03\/BAUTIZOGUARACHE-78-800x600.jpg\" class=\"attachment-mixtape_qodef_landscape size-mixtape_qodef_landscape wp-post-image\" alt=\"\" \/>\t\t\t\t\n\t\t\t<\/a>\n\t\t<\/div>\n\t\t<div class=\"qodef-item-text-holder\" style=\"background-color:#ffffff\">\n\t\t\t<div class=\"qodef-item-info-section\" >\n\t\t\t\t<div class=\"qodef-post-info-date\">30 March 2022<\/div>\t\t\t<\/div>\n\n\t\t\t<h4 class=\"qodef-item-title\" >\n\t\t\t\t<a href=\"https:\/\/www.c4trio.com\/en\/ritmo-leyenda-y-dinamita-c4-trio-contado-por-guarache-ocque\/\" >\n\t\t\t\t\tRitmo, leyenda y dinamita: C4 Tr\u00edo contado por Guarache Ocque\t\t\t\t<\/a>\n\t\t\t<\/h4>\n\n\t\t\t\t\t\t\t<p class=\"qodef-excerpt\" >Por Juan Luis Landaeta \u00a0La noche del 14 de noviembre de 2019 decidi\u00f3 el arranque formal de este libro. C4 Tr\u00edo, junto a Luis Enrique, acababa de ga.<\/p>\n\t\t\t\t\t<\/div>\n\t<\/div>\t\n<\/li><li class=\"qodef-blog-list-item clearfix\">\n\t<div class=\"qodef-blog-list-item-inner\">\n\t\t<div class=\"qodef-item-image\">\n\t\t\t<a href=\"https:\/\/www.c4trio.com\/en\/c4-trio-de-gira-por-venezuela\/\">\n\t\t\t\t<img loading=\"lazy\" decoding=\"async\" width=\"800\" height=\"600\" src=\"https:\/\/www.c4trio.com\/wp-content\/uploads\/2022\/02\/bannerwebVENE-scaled-1200x200-3-800x600.jpg\" class=\"attachment-mixtape_qodef_landscape size-mixtape_qodef_landscape wp-post-image\" alt=\"\" \/>\t\t\t\t\n\t\t\t<\/a>\n\t\t<\/div>\n\t\t<div class=\"qodef-item-text-holder\" style=\"background-color:#ffffff\">\n\t\t\t<div class=\"qodef-item-info-section\" >\n\t\t\t\t<div class=\"qodef-post-info-date\">21 February 2022<\/div>\t\t\t<\/div>\n\n\t\t\t<h4 class=\"qodef-item-title\" >\n\t\t\t\t<a href=\"https:\/\/www.c4trio.com\/en\/c4-trio-de-gira-por-venezuela\/\" >\n\t\t\t\t\tC4 Tr\u00edo de gira por Venezuela\t\t\t\t<\/a>\n\t\t\t<\/h4>\n\n\t\t\t\t\t\t\t<p class=\"qodef-excerpt\" >Luego de cinco a\u00f1os sin actuar en su pa\u00eds, la galardonada agrupaci\u00f3n C4 Tr\u00edo vuelve para encontrarse con su p\u00fablico en marzo. Hasta ahora, son ci.<\/p>\n\t\t\t\t\t<\/div>\n\t<\/div>\t\n<\/li><li class=\"qodef-blog-list-item clearfix\">\n\t<div class=\"qodef-blog-list-item-inner\">\n\t\t<div class=\"qodef-item-image\">\n\t\t\t<a href=\"https:\/\/www.c4trio.com\/en\/the-cuatro-players-of-c4-trio-are-the-future-of-venezuelas-national-instrument\/\">\n\t\t\t\t<img loading=\"lazy\" decoding=\"async\" width=\"800\" height=\"489\" src=\"https:\/\/www.c4trio.com\/wp-content\/uploads\/2022\/02\/c4-main-photo_custom-42fa62587f87b6897fefcf6fdad9e3535d2f00fe-s800-c85.webp\" class=\"attachment-mixtape_qodef_landscape size-mixtape_qodef_landscape wp-post-image\" alt=\"\" srcset=\"https:\/\/www.c4trio.com\/wp-content\/uploads\/2022\/02\/c4-main-photo_custom-42fa62587f87b6897fefcf6fdad9e3535d2f00fe-s800-c85.webp 800w, https:\/\/www.c4trio.com\/wp-content\/uploads\/2022\/02\/c4-main-photo_custom-42fa62587f87b6897fefcf6fdad9e3535d2f00fe-s800-c85-300x183.webp 300w, https:\/\/www.c4trio.com\/wp-content\/uploads\/2022\/02\/c4-main-photo_custom-42fa62587f87b6897fefcf6fdad9e3535d2f00fe-s800-c85-768x469.webp 768w\" sizes=\"auto, (max-width: 800px) 100vw, 800px\" \/>\t\t\t\t\n\t\t\t<\/a>\n\t\t<\/div>\n\t\t<div class=\"qodef-item-text-holder\" style=\"background-color:#ffffff\">\n\t\t\t<div class=\"qodef-item-info-section\" >\n\t\t\t\t<div class=\"qodef-post-info-date\">8 February 2022<\/div>\t\t\t<\/div>\n\n\t\t\t<h4 class=\"qodef-item-title\" >\n\t\t\t\t<a href=\"https:\/\/www.c4trio.com\/en\/the-cuatro-players-of-c4-trio-are-the-future-of-venezuelas-national-instrument\/\" >\n\t\t\t\t\tThe cuatro players of C4 Trio are the future of Venezuela&#8217;s national instrument\t\t\t\t<\/a>\n\t\t\t<\/h4>\n\n\t\t\t\t\t\t\t<p class=\"qodef-excerpt\" >The Venezuelan group C4 Trio has taken the national instrument of their homeland, the four-string cuatro, to new heights. They&#8217;ve recorded seven.<\/p>\n\t\t\t\t\t<\/div>\n\t<\/div>\t\n<\/li><li class=\"qodef-blog-list-item clearfix\">\n\t<div class=\"qodef-blog-list-item-inner\">\n\t\t<div class=\"qodef-item-image\">\n\t\t\t<a href=\"https:\/\/www.c4trio.com\/en\/c4-trio-edita-su-ep-back-to-4-y-bautiza-un-libro-sobre-su-historia\/\">\n\t\t\t\t<img loading=\"lazy\" decoding=\"async\" width=\"800\" height=\"600\" src=\"https:\/\/www.c4trio.com\/wp-content\/uploads\/2021\/11\/Libroc4trio-800x600.jpeg\" class=\"attachment-mixtape_qodef_landscape size-mixtape_qodef_landscape wp-post-image\" alt=\"\" \/>\t\t\t\t\n\t\t\t<\/a>\n\t\t<\/div>\n\t\t<div class=\"qodef-item-text-holder\" style=\"background-color:#ffffff\">\n\t\t\t<div class=\"qodef-item-info-section\" >\n\t\t\t\t<div class=\"qodef-post-info-date\">23 November 2021<\/div>\t\t\t<\/div>\n\n\t\t\t<h4 class=\"qodef-item-title\" >\n\t\t\t\t<a href=\"https:\/\/www.c4trio.com\/en\/c4-trio-edita-su-ep-back-to-4-y-bautiza-un-libro-sobre-su-historia\/\" >\n\t\t\t\t\tC4 Tr\u00edo edita su EP Back to 4 y bautiza un libro sobre su historia\t\t\t\t<\/a>\n\t\t\t<\/h4>\n\n\t\t\t\t\t\t\t<p class=\"qodef-excerpt\" >C4 Tr\u00edo, uno de los ensambles musicales m\u00e1s importantes de las \u00faltimas dos d\u00e9cadas, edita el viernes 19 de noviembre su nuevo EP Back to 4 y, simu.<\/p>\n\t\t\t\t\t<\/div>\n\t<\/div>\t\n<\/li><li class=\"qodef-blog-list-item clearfix\">\n\t<div class=\"qodef-blog-list-item-inner\">\n\t\t<div class=\"qodef-item-image\">\n\t\t\t<a href=\"https:\/\/www.c4trio.com\/en\/tiempo-al-tiempo\/\">\n\t\t\t\t<img loading=\"lazy\" decoding=\"async\" width=\"800\" height=\"600\" src=\"https:\/\/www.c4trio.com\/wp-content\/uploads\/2019\/10\/Cover-jpg-800x600.jpg\" class=\"attachment-mixtape_qodef_landscape size-mixtape_qodef_landscape wp-post-image\" alt=\"\" \/>\t\t\t\t\n\t\t\t<\/a>\n\t\t<\/div>\n\t\t<div class=\"qodef-item-text-holder\" style=\"background-color:#ffffff\">\n\t\t\t<div class=\"qodef-item-info-section\" >\n\t\t\t\t<div class=\"qodef-post-info-date\">13 August 2019<\/div>\t\t\t<\/div>\n\n\t\t\t<h4 class=\"qodef-item-title\" >\n\t\t\t\t<a href=\"https:\/\/www.c4trio.com\/en\/tiempo-al-tiempo\/\" >\n\t\t\t\t\tTiempo al tiempo\t\t\t\t<\/a>\n\t\t\t<\/h4>\n\n\t\t\t\t\t\t\t<p class=\"qodef-excerpt\" >June 26, 2019 El chance de Luis Enrique y C4 Tr\u00edo Por Gerardo Guarache Ocque El \u00e1lbum de Luis Enrique y C4 Tr\u00edo estaba listo. Tiempo al tiempo ya e.<\/p>\n\t\t\t\t\t<\/div>\n\t<\/div>\t\n<\/li><li class=\"qodef-blog-list-item clearfix\">\n\t<div class=\"qodef-blog-list-item-inner\">\n\t\t<div class=\"qodef-item-image\">\n\t\t\t<a href=\"https:\/\/www.c4trio.com\/en\/c4-trio-luis-enrique-primera-vez-juntos\/\">\n\t\t\t\t<img loading=\"lazy\" decoding=\"async\" width=\"640\" height=\"600\" src=\"https:\/\/www.c4trio.com\/wp-content\/uploads\/2019\/04\/C4-Trio-y-Luis-en-Houston-640x640-1-640x600.jpg\" class=\"attachment-mixtape_qodef_landscape size-mixtape_qodef_landscape wp-post-image\" alt=\"\" \/>\t\t\t\t\n\t\t\t<\/a>\n\t\t<\/div>\n\t\t<div class=\"qodef-item-text-holder\" style=\"background-color:#ffffff\">\n\t\t\t<div class=\"qodef-item-info-section\" >\n\t\t\t\t<div class=\"qodef-post-info-date\">2 April 2019<\/div>\t\t\t<\/div>\n\n\t\t\t<h4 class=\"qodef-item-title\" >\n\t\t\t\t<a href=\"https:\/\/www.c4trio.com\/en\/c4-trio-luis-enrique-primera-vez-juntos\/\" >\n\t\t\t\t\tC4 Tr\u00edo y Luis Enrique por primera vez juntos\t\t\t\t<\/a>\n\t\t\t<\/h4>\n\n\t\t\t\t\t\t\t<p class=\"qodef-excerpt\" >Un maravilloso encuentro musical se vivir\u00e1 el pr\u00f3ximo 28 de abril en la plataforma de Guataca Nights Houston, con la fusi\u00f3n del salsero nicarag\u00fcen.<\/p>\n\t\t\t\t\t<\/div>\n\t<\/div>\t\n<\/li><li class=\"qodef-blog-list-item clearfix\">\n\t<div class=\"qodef-blog-list-item-inner\">\n\t\t<div class=\"qodef-item-image\">\n\t\t\t<a href=\"https:\/\/www.c4trio.com\/en\/c4-trio-vuelve-europa-european-tour-2018\/\">\n\t\t\t\t<img loading=\"lazy\" decoding=\"async\" width=\"800\" height=\"600\" src=\"https:\/\/www.c4trio.com\/wp-content\/uploads\/2018\/06\/European-Tour-Cuadrado-800x600.jpg\" class=\"attachment-mixtape_qodef_landscape size-mixtape_qodef_landscape wp-post-image\" alt=\"\" \/>\t\t\t\t\n\t\t\t<\/a>\n\t\t<\/div>\n\t\t<div class=\"qodef-item-text-holder\" style=\"background-color:#ffffff\">\n\t\t\t<div class=\"qodef-item-info-section\" >\n\t\t\t\t<div class=\"qodef-post-info-date\">28 June 2018<\/div>\t\t\t<\/div>\n\n\t\t\t<h4 class=\"qodef-item-title\" >\n\t\t\t\t<a href=\"https:\/\/www.c4trio.com\/en\/c4-trio-vuelve-europa-european-tour-2018\/\" >\n\t\t\t\t\tC4 Tr\u00edo vuelve a Europa este 2018\t\t\t\t<\/a>\n\t\t\t<\/h4>\n\n\t\t\t\t\t\t\t<p class=\"qodef-excerpt\" >CA M\u00fasica presenta el European Tour 2018 de C4 Tr\u00edo quienes llevaran el Cuatro Venezolano a 5 pa\u00edses del viejo continente. El 21 de julio ser\u00e1 el .<\/p>\n\t\t\t\t\t<\/div>\n\t<\/div>\t\n<\/li><li class=\"qodef-blog-list-item clearfix\">\n\t<div class=\"qodef-blog-list-item-inner\">\n\t\t<div class=\"qodef-item-image\">\n\t\t\t<a href=\"https:\/\/www.c4trio.com\/en\/c4-trio-desorden-publicocelebran-postulacion-al-grammy-2018\/\">\n\t\t\t\t<img loading=\"lazy\" decoding=\"async\" width=\"593\" height=\"596\" src=\"https:\/\/www.c4trio.com\/wp-content\/uploads\/2019\/10\/pa-fuera-desorden-c4.png\" class=\"attachment-mixtape_qodef_landscape size-mixtape_qodef_landscape wp-post-image\" alt=\"\" srcset=\"https:\/\/www.c4trio.com\/wp-content\/uploads\/2019\/10\/pa-fuera-desorden-c4.png 593w, https:\/\/www.c4trio.com\/wp-content\/uploads\/2019\/10\/pa-fuera-desorden-c4-100x100.png 100w, https:\/\/www.c4trio.com\/wp-content\/uploads\/2019\/10\/pa-fuera-desorden-c4-298x300.png 298w, https:\/\/www.c4trio.com\/wp-content\/uploads\/2019\/10\/pa-fuera-desorden-c4-150x150.png 150w\" sizes=\"auto, (max-width: 593px) 100vw, 593px\" \/>\t\t\t\t\n\t\t\t<\/a>\n\t\t<\/div>\n\t\t<div class=\"qodef-item-text-holder\" style=\"background-color:#ffffff\">\n\t\t\t<div class=\"qodef-item-info-section\" >\n\t\t\t\t<div class=\"qodef-post-info-date\">30 December 2017<\/div>\t\t\t<\/div>\n\n\t\t\t<h4 class=\"qodef-item-title\" >\n\t\t\t\t<a href=\"https:\/\/www.c4trio.com\/en\/c4-trio-desorden-publicocelebran-postulacion-al-grammy-2018\/\" >\n\t\t\t\t\tC4 TRIO Y DESORDEN PUBLICOCELEBRAN POSTULACI\u00d3N AL GRAMMY 2018\t\t\t\t<\/a>\n\t\t\t<\/h4>\n\n\t\t\t\t\t\t\t<p class=\"qodef-excerpt\" >C4 TRIO Y DESORDEN PUBLICOCELEBRAN POSTULACI\u00d3N AL GRAMMY 2018 Pa`Fuera,\u00a0producci\u00f3n discogr\u00e1fica con la que estas destacadas agrupaciones venezolan.<\/p>\n\t\t\t\t\t<\/div>\n\t<\/div>\t\n<\/li><li class=\"qodef-blog-list-item clearfix\">\n\t<div class=\"qodef-blog-list-item-inner\">\n\t\t<div class=\"qodef-item-image\">\n\t\t\t<a href=\"https:\/\/www.c4trio.com\/en\/c4-trio-presente-mundo-dvd-aniversario\/\">\n\t\t\t\t<img loading=\"lazy\" decoding=\"async\" width=\"659\" height=\"600\" src=\"https:\/\/www.c4trio.com\/wp-content\/uploads\/2019\/10\/los10dec4-659x600.jpg\" class=\"attachment-mixtape_qodef_landscape size-mixtape_qodef_landscape wp-post-image\" alt=\"\" \/>\t\t\t\t\n\t\t\t<\/a>\n\t\t<\/div>\n\t\t<div class=\"qodef-item-text-holder\" style=\"background-color:#ffffff\">\n\t\t\t<div class=\"qodef-item-info-section\" >\n\t\t\t\t<div class=\"qodef-post-info-date\">30 December 2017<\/div>\t\t\t<\/div>\n\n\t\t\t<h4 class=\"qodef-item-title\" >\n\t\t\t\t<a href=\"https:\/\/www.c4trio.com\/en\/c4-trio-presente-mundo-dvd-aniversario\/\" >\n\t\t\t\t\tC4 Tr\u00edo presente en todo el mundo con su DVD aniversario\t\t\t\t<\/a>\n\t\t\t<\/h4>\n\n\t\t\t\t\t\t\t<p class=\"qodef-excerpt\" >#Los10deC4 C4 Tr\u00edo presente en todo el mundo con su DVD aniversario La agrupaci\u00f3n instrumental venezolana, nominada a los Grammy 2018, anuncia la di.<\/p>\n\t\t\t\t\t<\/div>\n\t<\/div>\t\n<\/li><li class=\"qodef-blog-list-item clearfix\">\n\t<div class=\"qodef-blog-list-item-inner\">\n\t\t<div class=\"qodef-item-image\">\n\t\t\t<a href=\"https:\/\/www.c4trio.com\/en\/este-9-diciembre-empieza-la-nueva-temporada-guataca-nights-la-ciudad-miami-c4-trio-mariaca-semprun\/\">\n\t\t\t\t<img loading=\"lazy\" decoding=\"async\" width=\"800\" height=\"600\" src=\"https:\/\/www.c4trio.com\/wp-content\/uploads\/2017\/11\/NdG-MIA-DEC09-C4Mariaca-800x600.jpg\" class=\"attachment-mixtape_qodef_landscape size-mixtape_qodef_landscape wp-post-image\" alt=\"\" \/>\t\t\t\t\n\t\t\t<\/a>\n\t\t<\/div>\n\t\t<div class=\"qodef-item-text-holder\" style=\"background-color:#ffffff\">\n\t\t\t<div class=\"qodef-item-info-section\" >\n\t\t\t\t<div class=\"qodef-post-info-date\">27 November 2017<\/div>\t\t\t<\/div>\n\n\t\t\t<h4 class=\"qodef-item-title\" >\n\t\t\t\t<a href=\"https:\/\/www.c4trio.com\/en\/este-9-diciembre-empieza-la-nueva-temporada-guataca-nights-la-ciudad-miami-c4-trio-mariaca-semprun\/\" >\n\t\t\t\t\tEste 9 de diciembre empieza la nueva temporada de Guataca Nights en la ciudad de Miami con C4 Tr\u00edo y Mariaca Sempr\u00fan.\t\t\t\t<\/a>\n\t\t\t<\/h4>\n\n\t\t\t\t\t\t\t<p class=\"qodef-excerpt\" >Guataca es una plataforma que durante m\u00e1s de diez a\u00f1os ha difundido el talento de m\u00fasicos emergentes y consagrados, siempre con la bandera de resal.<\/p>\n\t\t\t\t\t<\/div>\n\t<\/div>\t\n<\/li><li class=\"qodef-blog-list-item clearfix\">\n\t<div class=\"qodef-blog-list-item-inner\">\n\t\t<div class=\"qodef-item-image\">\n\t\t\t<a href=\"https:\/\/www.c4trio.com\/en\/descarga-ritualitos-con-c4trio-y-marta-gomez\/\">\n\t\t\t\t\t\t\t\t\n\t\t\t<\/a>\n\t\t<\/div>\n\t\t<div class=\"qodef-item-text-holder\" style=\"background-color:#ffffff\">\n\t\t\t<div class=\"qodef-item-info-section\" >\n\t\t\t\t<div class=\"qodef-post-info-date\">21 August 2016<\/div>\t\t\t<\/div>\n\n\t\t\t<h4 class=\"qodef-item-title\" >\n\t\t\t\t<a href=\"https:\/\/www.c4trio.com\/en\/descarga-ritualitos-con-c4trio-y-marta-gomez\/\" >\n\t\t\t\t\tDescarga Ritualitos con C4tr\u00edo y Marta Gomez\t\t\t\t<\/a>\n\t\t\t<\/h4>\n\n\t\t\t\t\t\t\t<p class=\"qodef-excerpt\" >En el marco de su gira a Europa 2016, C4 Trio se encuentra en la ciudad de Barcelona con la cantautora colombiana Marta G\u00f3mez quien fuera la invitada.<\/p>\n\t\t\t\t\t<\/div>\n\t<\/div>\t\n<\/li>\t<\/ul>\t\n\t\t<div class=\"qodef-blog-list-paging\">\n\t\t<span class=\"qodef-blog-list-load-more\">\n\t\t\t<a href=\"\" target=\"_self\"  class=\"qodef-btn qodef-btn-medium qodef-btn-outline\"  >    <span class=\"qodef-btn-text\">Show more<\/span>    <\/a>\t\t<\/span>\n\t\t<div class=\"qodef-stripes\">\n\t\t\t<div class=\"qodef-rect1\"><\/div>\n\t\t\t<div class=\"qodef-rect2\"><\/div>\n\t\t\t<div class=\"qodef-rect3\"><\/div>\n\t\t\t<div class=\"qodef-rect4\"><\/div>\n\t\t\t<div class=\"qodef-rect5\"><\/div>\n\t\t<\/div>\n\t<\/div>\n<\/div>\n<\/div><\/div><\/div><\/div><\/div><\/div><div class=\"vc_row wpb_row vc_row-fluid qodef-section qodef-content-aligment-left\" style=\"\"><div class=\"clearfix qodef-full-section-inner\"><div class=\"wpb_column vc_column_container vc_col-sm-12\"><div class=\"vc_column-inner\"><div class=\"wpb_wrapper\"><div class=\"vc_empty_space\"   style=\"height: 50px\"><span class=\"vc_empty_space_inner\"><\/span><\/div><\/div><\/div><\/div><\/div><\/div>\n<\/div>","protected":false},"excerpt":{"rendered":"En el marco de su gira a Europa 2016, C4 Trio se encuentra en la ciudad de Barcelona con la cantautora colombiana Marta G\u00f3mez quien fuera la invitada especial en uno de los conciertos de la agrupaci\u00f3n venezolana en la ciudad espa\u00f1ola. Al d\u00eda siguiente...","protected":false},"author":1,"featured_media":0,"parent":0,"menu_order":0,"comment_status":"closed","ping_status":"closed","template":"","meta":{"footnotes":""},"class_list":["post-7346","page","type-page","status-publish","hentry"],"yoast_head":"<!-- This site is optimized with the Yoast SEO plugin v27.1.1 - https:\/\/yoast.com\/product\/yoast-seo-wordpress\/ -->\n<title>Noticias - C4 Tr\u00edo<\/title>\n<meta name=\"robots\" content=\"index, follow, max-snippet:-1, max-image-preview:large, max-video-preview:-1\" \/>\n<link rel=\"canonical\" href=\"https:\/\/www.c4trio.com\/en\/blog\/\" \/>\n<meta property=\"og:locale\" content=\"en_US\" \/>\n<meta property=\"og:type\" content=\"article\" \/>\n<meta property=\"og:title\" content=\"Noticias - C4 Tr\u00edo\" \/>\n<meta property=\"og:url\" content=\"https:\/\/www.c4trio.com\/en\/blog\/\" \/>\n<meta property=\"og:site_name\" content=\"C4 Tr\u00edo\" \/>\n<meta property=\"article:publisher\" content=\"https:\/\/www.facebook.com\/profile.php?id=100050537467192\" \/>\n<meta property=\"article:modified_time\" content=\"2020-05-14T07:55:53+00:00\" \/>\n<meta name=\"twitter:card\" content=\"summary_large_image\" \/>\n<meta name=\"twitter:site\" content=\"@c4trio\" \/>\n<script type=\"application\/ld+json\" class=\"yoast-schema-graph\">{\"@context\":\"https:\/\/schema.org\",\"@graph\":[{\"@type\":\"WebPage\",\"@id\":\"https:\/\/www.c4trio.com\/blog\/\",\"url\":\"https:\/\/www.c4trio.com\/blog\/\",\"name\":\"Noticias - C4 Tr\u00edo\",\"isPartOf\":{\"@id\":\"https:\/\/www.c4trio.com\/#website\"},\"datePublished\":\"2017-05-12T12:20:39+00:00\",\"dateModified\":\"2020-05-14T07:55:53+00:00\",\"breadcrumb\":{\"@id\":\"https:\/\/www.c4trio.com\/blog\/#breadcrumb\"},\"inLanguage\":\"en-US\",\"potentialAction\":[{\"@type\":\"ReadAction\",\"target\":[\"https:\/\/www.c4trio.com\/blog\/\"]}]},{\"@type\":\"BreadcrumbList\",\"@id\":\"https:\/\/www.c4trio.com\/blog\/#breadcrumb\",\"itemListElement\":[{\"@type\":\"ListItem\",\"position\":1,\"name\":\"Portada\",\"item\":\"https:\/\/www.c4trio.com\/\"},{\"@type\":\"ListItem\",\"position\":2,\"name\":\"Noticias\"}]},{\"@type\":\"WebSite\",\"@id\":\"https:\/\/www.c4trio.com\/#website\",\"url\":\"https:\/\/www.c4trio.com\/\",\"name\":\"C4 Tr\u00edo\",\"description\":\"P\u00e1gina Oficial\",\"publisher\":{\"@id\":\"https:\/\/www.c4trio.com\/#organization\"},\"potentialAction\":[{\"@type\":\"SearchAction\",\"target\":{\"@type\":\"EntryPoint\",\"urlTemplate\":\"https:\/\/www.c4trio.com\/?s={search_term_string}\"},\"query-input\":{\"@type\":\"PropertyValueSpecification\",\"valueRequired\":true,\"valueName\":\"search_term_string\"}}],\"inLanguage\":\"en-US\"},{\"@type\":\"Organization\",\"@id\":\"https:\/\/www.c4trio.com\/#organization\",\"name\":\"C4 Tr\u00edo\",\"url\":\"https:\/\/www.c4trio.com\/\",\"logo\":{\"@type\":\"ImageObject\",\"inLanguage\":\"en-US\",\"@id\":\"https:\/\/www.c4trio.com\/#\/schema\/logo\/image\/\",\"url\":\"https:\/\/www.c4trio.com\/wp-content\/uploads\/2016\/09\/logo.png\",\"contentUrl\":\"https:\/\/www.c4trio.com\/wp-content\/uploads\/2016\/09\/logo.png\",\"width\":365,\"height\":80,\"caption\":\"C4 Tr\u00edo\"},\"image\":{\"@id\":\"https:\/\/www.c4trio.com\/#\/schema\/logo\/image\/\"},\"sameAs\":[\"https:\/\/www.facebook.com\/profile.php?id=100050537467192\",\"https:\/\/x.com\/c4trio\",\"https:\/\/www.instagram.com\/c4trio\"]}]}<\/script>\n<!-- \/ Yoast SEO plugin. -->","yoast_head_json":{"title":"Noticias - C4 Tr\u00edo","robots":{"index":"index","follow":"follow","max-snippet":"max-snippet:-1","max-image-preview":"max-image-preview:large","max-video-preview":"max-video-preview:-1"},"canonical":"https:\/\/www.c4trio.com\/en\/blog\/","og_locale":"en_US","og_type":"article","og_title":"Noticias - C4 Tr\u00edo","og_url":"https:\/\/www.c4trio.com\/en\/blog\/","og_site_name":"C4 Tr\u00edo","article_publisher":"https:\/\/www.facebook.com\/profile.php?id=100050537467192","article_modified_time":"2020-05-14T07:55:53+00:00","twitter_card":"summary_large_image","twitter_site":"@c4trio","schema":{"@context":"https:\/\/schema.org","@graph":[{"@type":"WebPage","@id":"https:\/\/www.c4trio.com\/blog\/","url":"https:\/\/www.c4trio.com\/blog\/","name":"Noticias - C4 Tr\u00edo","isPartOf":{"@id":"https:\/\/www.c4trio.com\/#website"},"datePublished":"2017-05-12T12:20:39+00:00","dateModified":"2020-05-14T07:55:53+00:00","breadcrumb":{"@id":"https:\/\/www.c4trio.com\/blog\/#breadcrumb"},"inLanguage":"en-US","potentialAction":[{"@type":"ReadAction","target":["https:\/\/www.c4trio.com\/blog\/"]}]},{"@type":"BreadcrumbList","@id":"https:\/\/www.c4trio.com\/blog\/#breadcrumb","itemListElement":[{"@type":"ListItem","position":1,"name":"Portada","item":"https:\/\/www.c4trio.com\/"},{"@type":"ListItem","position":2,"name":"Noticias"}]},{"@type":"WebSite","@id":"https:\/\/www.c4trio.com\/#website","url":"https:\/\/www.c4trio.com\/","name":"C4 Trio","description":"P\u00e1gina Oficial","publisher":{"@id":"https:\/\/www.c4trio.com\/#organization"},"potentialAction":[{"@type":"SearchAction","target":{"@type":"EntryPoint","urlTemplate":"https:\/\/www.c4trio.com\/?s={search_term_string}"},"query-input":{"@type":"PropertyValueSpecification","valueRequired":true,"valueName":"search_term_string"}}],"inLanguage":"en-US"},{"@type":"Organization","@id":"https:\/\/www.c4trio.com\/#organization","name":"C4 Trio","url":"https:\/\/www.c4trio.com\/","logo":{"@type":"ImageObject","inLanguage":"en-US","@id":"https:\/\/www.c4trio.com\/#\/schema\/logo\/image\/","url":"https:\/\/www.c4trio.com\/wp-content\/uploads\/2016\/09\/logo.png","contentUrl":"https:\/\/www.c4trio.com\/wp-content\/uploads\/2016\/09\/logo.png","width":365,"height":80,"caption":"C4 Tr\u00edo"},"image":{"@id":"https:\/\/www.c4trio.com\/#\/schema\/logo\/image\/"},"sameAs":["https:\/\/www.facebook.com\/profile.php?id=100050537467192","https:\/\/x.com\/c4trio","https:\/\/www.instagram.com\/c4trio"]}]}},"_links":{"self":[{"href":"https:\/\/www.c4trio.com\/en\/wp-json\/wp\/v2\/pages\/7346","targetHints":{"allow":["GET"]}}],"collection":[{"href":"https:\/\/www.c4trio.com\/en\/wp-json\/wp\/v2\/pages"}],"about":[{"href":"https:\/\/www.c4trio.com\/en\/wp-json\/wp\/v2\/types\/page"}],"author":[{"embeddable":true,"href":"https:\/\/www.c4trio.com\/en\/wp-json\/wp\/v2\/users\/1"}],"replies":[{"embeddable":true,"href":"https:\/\/www.c4trio.com\/en\/wp-json\/wp\/v2\/comments?post=7346"}],"version-history":[{"count":5,"href":"https:\/\/www.c4trio.com\/en\/wp-json\/wp\/v2\/pages\/7346\/revisions"}],"predecessor-version":[{"id":8931,"href":"https:\/\/www.c4trio.com\/en\/wp-json\/wp\/v2\/pages\/7346\/revisions\/8931"}],"wp:attachment":[{"href":"https:\/\/www.c4trio.com\/en\/wp-json\/wp\/v2\/media?parent=7346"}],"curies":[{"name":"wp","href":"https:\/\/api.w.org\/{rel}","templated":true}]}}